{"id":1778,"date":"2011-09-24T17:07:13","date_gmt":"2011-09-24T17:07:13","guid":{"rendered":"http:\/\/www.painting-courses-florence.com\/web\/?page_id=1778"},"modified":"2026-02-23T23:40:21","modified_gmt":"2026-02-23T23:40:21","slug":"lenseignante","status":"publish","type":"page","link":"https:\/\/www.painting-courses-florence.com\/fr\/lenseignante\/","title":{"rendered":"L&rsquo;einsegnante"},"content":{"rendered":"\n<div class=\"wp-block-media-text has-media-on-the-right is-stacked-on-mobile\" style=\"margin-top:var(--wp--preset--spacing--30);margin-right:0;margin-bottom:var(--wp--preset--spacing--30);margin-left:0;padding-right:0;padding-left:0;grid-template-columns:auto 25%\"><div class=\"wp-block-media-text__content\">\n<p class=\"wp-block-paragraph\">L\u2019Atelier et son programme p\u00e9dagogique est le fruit du travail de Jeanne-Isabelle Corni\u00e8re (Paris, 1974) peintre et sculpteur d\u2019origine franco-italienne. <span style=\"color: #333333; font-style: normal;\">J.Isabelle<\/span> baigne d\u00e8s son enfance dans un milieu sensible \u00e0 l\u2019art et \u00e0 la musique (son p\u00e8re est le compositeur<span style=\"color: #333333; font-style: normal;\"> <\/span><strong>Yves Corni\u00e8re<\/strong>). <\/p>\n\n\n\n<p class=\"wp-block-paragraph\">Elle \u00e9tudie d\u2019abord l\u2019Histoire de l\u2019art \u00e0 la Sorbonne (Master) et s\u2019initie \u00e0 la peinture avec le prof.Fabrice Denis (Accademie des peintres de Poissy).<\/p>\n\n\n\n<p class=\"wp-block-paragraph\">Elle se rend ensuite \u00e0 Florence, o\u00f9 il fr\u00e9quenta l&rsquo;Acad\u00e9mie russe (avec le ma\u00eetre Sergey Chubirko), l&rsquo;atelier du peintre Alessandro Berti (Palazzo Spinelli) et du sculpteur Vincenzo Ventimiglia (Acad\u00e9mie des Beaux-Arts), ainsi que la Libera Accademia del Nudo (Acad\u00e9mie des Beaux-Arts).<\/p>\n\n\n\n<p class=\"wp-block-paragraph\">Aujourd&rsquo;hui, il expose ses \u0153uvres dans des galeries historiques, tant en Italie (<strong>Galleria Forni \u00e0 Bologne<\/strong>) qu&rsquo;\u00e0 l&rsquo;\u00e9tranger (<strong>Ransom Gallery \u00e0 Londres<\/strong> et <strong>Laurence Esnol Galler<\/strong>y \u00e0 <strong>Paris<\/strong>).<\/p>\n<\/div><figure class=\"wp-block-media-text__media\"><img loading=\"lazy\" decoding=\"async\" width=\"200\" height=\"299\" src=\"https:\/\/www.painting-courses-florence.com\/wp-content\/uploads\/2011\/09\/Isabelle-dipinge.jpg\" alt=\"Jeanne Isabelle Corni\u00e8re\" class=\"wp-image-276 size-full\"\/><\/figure><\/div>\n\n<div class=\"wp-block-media-text is-stacked-on-mobile\" style=\"grid-template-columns:19% auto\"><figure class=\"wp-block-media-text__media\"><img loading=\"lazy\" decoding=\"async\" width=\"333\" height=\"500\" src=\"https:\/\/www.painting-courses-florence.com\/wp-content\/uploads\/Le-Papillon-scultura-di-Jeanne-Isabelle-Corniere-9752.jpg\" alt=\"Le papillon, une sculpture de Jeanne Isabelle Corni\u00e8re repr\u00e9sentant une jeune fille portant un turban vert avec un papillon pos\u00e9 sur son \u00e9paule.\" class=\"wp-image-6247 size-full\" srcset=\"https:\/\/www.painting-courses-florence.com\/wp-content\/uploads\/Le-Papillon-scultura-di-Jeanne-Isabelle-Corniere-9752.jpg 333w, https:\/\/www.painting-courses-florence.com\/wp-content\/uploads\/Le-Papillon-scultura-di-Jeanne-Isabelle-Corniere-9752-200x300.jpg 200w\" sizes=\"auto, (max-width: 333px) 100vw, 333px\" \/><\/figure><div class=\"wp-block-media-text__content\">\n<h2 class=\"wp-block-heading has-text-align-left\">Site personnel<\/h2>\n\n\n\n<p class=\"wp-block-paragraph\"><\/p>\n\n\n\n<p class=\"has-text-align-left wp-block-paragraph\"><strong><a style=\"text-align: justify;\" href=\"https:\/\/www.jeanne-isabelle-corniere.com\/\" target=\"_blank\" rel=\"noopener\">www.jeanne-isabelle-corniere.com<\/a><\/strong><\/p>\n<\/div><\/div>\n\n<div class=\"wp-block-media-text has-media-on-the-right is-stacked-on-mobile\" style=\"grid-template-columns:auto 20%\"><div class=\"wp-block-media-text__content\">\n<h2 class=\"wp-block-heading\"><strong>Curriculum<\/strong><\/h2>\n\n\n\n<p class=\"wp-block-paragraph\">2010-2011 Russian Academy of Florence (prof.Vitaly, Sergey Chubirko), Florence<br\/>2005-2007 Atelier du peintre Alessandro Berti &#8211; Acad\u00e9mie des Beaux-Arts &#8211; Florence<br\/>2006-2013 Atelier du sculpteur Vincenzo Ventimiglia.<br\/>2003-2007 Scuola Libera del nudo, Beaux-Arts, Florence<br\/>1999 Stages de dessin \/ sculpture \u00e0 l\u2019Acad\u00e9mie des Beaux-Arts de Paris<br\/>1998-2001 Cours de peinture de l\u2019Acad\u00e9mie des peintres de Poissy<br\/>1998-2001 Ma\u00eetrise, Dea, Doctorat d\u2019histoire de l\u2019art, La sorbonne, Paris<\/p>\n<\/div><figure class=\"wp-block-media-text__media\"><img loading=\"lazy\" decoding=\"async\" width=\"531\" height=\"709\" src=\"https:\/\/www.painting-courses-florence.com\/wp-content\/uploads\/2011\/09\/IMG_2767-Copia1.jpg\" alt=\"Dessin au fusain sur papier d&#039;un buste classique\" class=\"wp-image-2479 size-full\" srcset=\"https:\/\/www.painting-courses-florence.com\/wp-content\/uploads\/2011\/09\/IMG_2767-Copia1.jpg 531w, https:\/\/www.painting-courses-florence.com\/wp-content\/uploads\/2011\/09\/IMG_2767-Copia1-225x300.jpg 225w\" sizes=\"auto, (max-width: 531px) 100vw, 531px\" \/><\/figure><\/div>\n\n<div class=\"wp-block-media-text is-stacked-on-mobile\" style=\"grid-template-columns:20% auto\"><figure class=\"wp-block-media-text__media\"><img decoding=\"async\" src=\"https:\/\/www.painting-courses-florence.com\/wp-content\/uploads\/2011\/09\/ritratto-donna5.jpg\" alt=\"Portrait de femme peint par Isabelle Corni\u00e8re\" class=\"wp-image-1322 size-full\"\/><\/figure><div class=\"wp-block-media-text__content\">\n<h2 class=\"wp-block-heading\"><strong>Workshops<\/strong><\/h2>\n\n\n\n<p class=\"wp-block-paragraph\">&#8211; <em>Portrait \u00e0 l&rsquo;aquarelle<\/em> avec Michael Solovyev (2023) &#8211; <em>Fleurs \u00e0 l&rsquo;aquarelle<\/em> avec Megha Kapoor (2023) &#8211; Acad\u00e9mie d&rsquo;\u00e9t\u00e9 d&rsquo;Ortisei (2019) &#8211; <em>Cours d&rsquo;aquarelle<\/em> avec Keiko Tanab\u00e9 (2018) &#8211; <em>Sculpture d&rsquo;apr\u00e8s nature<\/em> avec Bruno Walpoth (2018) &#8211; <em>Anatomie des mains et des pieds<\/em> avec le Maestro Vitaly &#8211; <em>Nu d&rsquo;apr\u00e8s nature<\/em> avec le Maestro Vitaly &#8211; <em>Anatomie constructive<\/em> avec Richard Zinon &#8211; <em>Portrait \u00e0 l&rsquo;huile d&rsquo;apr\u00e8s nature<\/em> avec Elena Arcangeli<\/p>\n<\/div><\/div>\n\n<div class=\"wp-block-media-text has-media-on-the-right is-stacked-on-mobile\" style=\"grid-template-columns:auto 15%\"><div class=\"wp-block-media-text__content\">\n<h2 class=\"wp-block-heading\"><strong>Exp\u00e9rience professionnelle<\/strong><\/h2>\n\n\n\n<p class=\"wp-block-paragraph\">2003-2013 Professeur d&rsquo;arts visuels au lyc\u00e9e international Victor-Hugo de Florence.<br\/>2002-2005 Professeur de dessin et de peinture \u00e0 l&rsquo;Institut fran\u00e7ais de Florence (cours pour adultes et enfants et ateliers cr\u00e9atifs pour les classes d\u00e9couverte).<br\/>1999-2000 Charg\u00e9 de culture au mus\u00e9e du Louvre, Paris.<\/p>\n<\/div><figure class=\"wp-block-media-text__media\"><img loading=\"lazy\" decoding=\"async\" width=\"310\" height=\"567\" src=\"https:\/\/www.painting-courses-florence.com\/wp-content\/uploads\/2011\/09\/IMG_1163-mail.jpg\" alt=\"Petite fille avec peluche, huile sur toile de Jeanne Isabelle Corni\u00e8re\" class=\"wp-image-1902 size-full\" srcset=\"https:\/\/www.painting-courses-florence.com\/wp-content\/uploads\/2011\/09\/IMG_1163-mail.jpg 310w, https:\/\/www.painting-courses-florence.com\/wp-content\/uploads\/2011\/09\/IMG_1163-mail-164x300.jpg 164w\" sizes=\"auto, (max-width: 310px) 100vw, 310px\" \/><\/figure><\/div>\n\n<h2 class=\"wp-block-heading\"><strong><span style=\"color: #808080;\"><span style=\"color: #000000;\">Prix \u200b\u200bet distinctions<\/span><\/span><\/strong><\/h2>\n\n<p class=\"has-text-align-left wp-block-paragraph\">2013 Premio Ora<br\/>2008 Prix d\u2019honneur Arte Mondadori, section arts graphiques, Milan, Italie<br\/>2009 Prix d\u2019honneur Arte Mondadori, section sculpture, Milan, Italie<\/p>\n\n<h2 class=\"wp-block-heading\">Expositions<\/h2>\n\n<p class=\"wp-block-paragraph\">\/\/personnel<br\/>2020 Galerie Berno Sacchetti \u2013 Souvenirs \u2013 Ascona (CH)<br\/>2015 Galerie Nino Sindoni \u2013 Asiago<br\/>2012 Galerie des Antiquit\u00e9s de la Via dei Fossi \u2013 Enfances \u2013 par Leo-Lions Club \u2013 Florence<br\/>2010 Chiostro S. Agostino, Blooming, revisitant le sumi-\u00e8 \u2013 par Anita Valentini \u2013 Cortona \u2013 Italie<br\/>2007 H\u00f4tel Basilea \u2013 Clairs-obscurs et transparences \u2013 Florence \u2013 Italie<\/p>\n\n<p class=\"wp-block-paragraph\">\/\/bi-personali<\/p>\n\n<p class=\"wp-block-paragraph\">2023 \u2013 Soffio di Vento \u2013 Galleria Forni (BO)<br\/>2023 \u2013 Assonanze \u2013 Galleria Forni (BO)<br\/>2022 Orizzonti \u2013 Arte in Salotto (Milan, Italy) , by Galleria Forni (BO)<br\/>2014 Nuances \u2013 bipersonal of J.Isabelle Corni\u00e8re and Sandra Senni \u2013 Galleria B4 \u2013 Bologna<br\/>2013 Connected \u2013 by Silvia Petronici \u2013 Natural History Museum \u2013 Botanical Gardens \u2013 Florence<br\/>2013 Playing , beginning the game, and links curiosities \u2013 by Silvia Petronici \u2013 Primo Conti Museum \u2013 Fiesole<\/p>\n\n<p class=\"wp-block-paragraph\">\/\/collettive<\/p>\n\n<p class=\"wp-block-paragraph\">2023<br\/>Le Nuage bleu \u2013 Galerie Forni (BO)<br\/>Art V\u00e9rone \u00e0 la galerie \u2013 Galerie Forni<br\/>Art V\u00e9rone \u2013 avec la Galerie Forni<br\/>Rome : Art dans le nuage \u2013 avec la Galerie Forni<br\/>Art Padoue \u2013 avec la Galerie Nino Sindoni<\/p>\n\n<p class=\"wp-block-paragraph\">2022<br\/>Art V\u00e9rone \u2013 avec la Galleria Forni (BO)<br\/>Art Karlsruhe \u2013 Rheinstetten (DE) \u2013 avec la Galleria Forni \u2013 Bologne<br\/>One to One \u2013 Galleria Forni \u2013 Bologne<\/p>\n\n<p class=\"wp-block-paragraph\">2021<br\/>Arte Padova \u2013 avec la Galleria Nino Sindoni<br\/>Art V\u00e9rone \u2013 avec la Galleria Forni \u2013 V\u00e9rone<br\/>BLANC \u2013 Galleria Forni \u2013 Bologne<br\/>Sein Light Irritation Playhouse \u2013 Galleria Berno Sacchetti \u2013 Ascona (CH)<br\/>Vacanze \u2013 Galleria Forni \u2013 Bologne<\/p>\n\n<p class=\"wp-block-paragraph\">2019<br\/>Exposition collective de printemps \u2013 Galleria Forni \u2013 Bologne<br\/>Art Karlsruhe \u2013 Rheinstetten (DE) \u2013 avec la Galleria Forni \u2013 Bologne<\/p>\n\n<p class=\"wp-block-paragraph\">2018<br\/>Carnet de voyage \u2013 par Daniela Vasta \u2013 Arionte Arte \u2013 Catane<br\/>Arte Padova \u2013 Padoue \u2013 avec la Galleria Nino Sindoni<br\/>GrandArt Milano \u2013 Milan \u2013 avec Galleria Forni \u2013 Bologne<br\/>ArtVerona \u2013 V\u00e9rone \u2013 avec Galleria Forni \u2013 Bologne<br\/>Aequilibrium \u2013 GAM Galleria Arte Moderna organis\u00e9e par Daniela Arionte \u2013 Catane<br\/>Couleurs \u2013 Galleria Forni \u2013 Bologne<br\/>Une Collection 2018 \u2013 Galerie Laurence Esnol \u2013 Paris<br\/>Exposition collective \u2013 Galleria Forni \u2013 Bologne<br\/>Art Karlsruhe \u2013 Rheinstetten (DE) \u2013 avec la Galleria Forni \u2013 Bologne<br\/>ArteFiera Bologne \u2013 avec Galleria Forni \u2013 Bologne<br\/>Art Palm Beach \u2013 (\u00c9tats-Unis) avec la galerie Mark Ransom<\/p>\n\n<p class=\"wp-block-paragraph\">2017<br\/>\u00ab Nature \u00bb, avec H. Craig Hanna, Galerie Laurence Esnol \u2013 Paris<br\/>SCOPE \u2013 Salon international d&rsquo;art contemporain \u2013 Miami \u2013 avec la Galerie Mark Ransom<br\/>ST.ART, Foire europ\u00e9enne d&rsquo;art contemporain \u2013 Strasbourg \u2013 avec la Galerie Forni<br\/>Arte Padova \u2013 Padoue \u2013 avec la Galerie Nino Sindoni<br\/>20 Sculptures (1933-2017), commissariat : Franco Riccardi, Association Artart, Rivanazzano Terme (PV)<br\/>50 \u0153uvres de 50 artistes \u2013 Galleria Forni, Bologne<br\/>M. Massagrande, N. Nannini, M. Bottoni, G. Scalco, J.I. Corni\u00e8re \u2013 Galerie Nino Sindoni, Asiago<br\/>Ottoartiste \u2013 Mus\u00e9e Civique de Chiusa \u2013 Klausen \u2013 (BZ) avec Galleria Forni<br\/>Art Pampelonne \u2013 Saint Tropez (F) \u2013 avec la galerie Mark Ransom<br\/>Une Collection 2017 \u2013 Galerie Laurence Esnol \u2013 Paris<br\/>ArteVicenza \u2013 avec la Galleria Nino Sindoni<br\/>Art Karlsruhe \u2013 Rheinstetten (DE) \u2013 avec la Galleria Forni \u2013 Bologne<br\/>ArteFiera Bologne \u2013 avec Galleria Forni \u2013 Bologne<br\/>Ruvidezze \u2013 Galerie Cartavetra \u2013 Florence<\/p>\n\n<p class=\"wp-block-paragraph\">2016<br\/>M. Massagrande, N. Nannini, M. Bottoni, G. Scalco, J.I. Corni\u00e8re \u2013 Galerie Nino Sindoni, Asiago<br\/>SCOPE \u2013 Salon International d\u2019Art Contemporain \u2013 Miami \u2013 avec Mark Ransom Gallery<br\/>ST.ART Salon Europ\u00e9en d\u2019Art Contemporain \u2013 avec la Galleria Forni \u2013 Strasbourg<br\/>Arte Padova \u2013 Padoue \u2013 avec la Galleria Nino Sindoni<br\/>ArtVerona \u2013 V\u00e9rone \u2013 avec Galleria Forni \u2013 Bologne<br\/>Artefiera \u2013 Montichiari (BS) \u2013 avec Galleria Forni \u2013 Bologne<br\/>12 Artistes \u2013 Galerie d\u2019Art Forni \u2013 Bologne<br\/>Affaire europ\u00e9enne \u2013 Mark Ransom Gallery \u2013 Londres<br\/>Une Collection \u2013 Galerie Laurence Esnol \u2013 Paris<br\/>Solo Scultura \u2013 Galerie d\u2019Art Forni \u2013 Bologne<br\/>Art Karlsruhe \u2013 Rheinstetten (DE) \u2013 avec la Galleria Forni \u2013 Bologne<\/p>\n\n<p class=\"wp-block-paragraph\">2015<br\/>Arte Padova \u2013 Concours de jeunes talents artistiques \u2013 Padoue<br\/>Villes cr\u00e9atives \u2013 Semaine du design \u2013 The White Garage \u2013 Florence<br\/>Le temps retrouv\u00e9 \u2013 The White Garage \u2013 Florence<\/p>\n\n<p class=\"wp-block-paragraph\">2014<br\/>Art de fa\u00e7ade \u2013 \u0153uvres sur la fa\u00e7ade du th\u00e9\u00e2tre municipal \u2013 par Alexander Larrarte \u2013 Corato<\/p>\n\n<p class=\"wp-block-paragraph\">2013<br\/>Autels profanes \u2013 par Claudio Cosma \u2013 Sensus \u2013 Espaces d&rsquo;art contemporain \u2013 Florence<\/p>\n\n<p class=\"wp-block-paragraph\">2012<br\/>Jeux d&rsquo;enfance &#8211; L-A Terra &#8211; par Notte Bianca Florence \u2013 Clo\u00eetre de Santa Annunziata \u2013 Florence<br\/>Trois rencontres internationales des m\u00e9tiers de l&rsquo;art, rue Violette \u2013 Paris<\/p>\n\n<p class=\"wp-block-paragraph\">2011<br\/>Galleria Tornabuoni \u2013 Blooming \u2013 Florence<\/p>\n\n<p class=\"wp-block-paragraph\">2009<br\/>Palazzo della Permanente \u2013 Prix d\u2019Art et Prix du Caire \u2013 Milan<\/p>\n\n<p class=\"wp-block-paragraph\">2008<br\/>Grand march\u00e9 de l\u2019art contemporain- Paris<\/p>\n\n<p class=\"wp-block-paragraph\">Galerie Frosecchi \u2013 Fleurs et Fruits \u2013 Florence<br\/>Salon d&rsquo;art accessible \u2013 Palais Plain \u2013 Gen\u00e8ve<br\/>Palazzo della Permanente \u2013 Prix et distinctions artistiques du Caire \u2013 Milan<br\/>Palais des Arts \u2013 Foire aux chevaux \u2013 V\u00e9rone<\/p>\n","protected":false},"excerpt":{"rendered":"<p>L\u2019Atelier et son programme p\u00e9dagogique est le fruit du travail de Jeanne-Isabelle Corni\u00e8re (Paris, 1974) peintre et sculpteur d\u2019origine franco-italienne. J.Isabelle baigne d\u00e8s son enfance dans un milieu sensible \u00e0 l\u2019art et \u00e0 la musique (son p\u00e8re est le compositeur Yves Corni\u00e8re). Elle \u00e9tudie d\u2019abord l\u2019Histoire de l\u2019art \u00e0 la Sorbonne (Master) et s\u2019initie \u00e0&#8230;<\/p>\n","protected":false},"author":4,"featured_media":7267,"parent":0,"menu_order":1,"comment_status":"closed","ping_status":"closed","template":"","meta":{"_kad_post_transparent":"","_kad_post_title":"","_kad_post_layout":"","_kad_post_sidebar_id":"","_kad_post_content_style":"","_kad_post_vertical_padding":"","_kad_post_feature":"","_kad_post_feature_position":"","_kad_post_header":false,"_kad_post_footer":false,"_kad_post_classname":"","footnotes":""},"class_list":["post-1778","page","type-page","status-publish","has-post-thumbnail","hentry"],"_links":{"self":[{"href":"https:\/\/www.painting-courses-florence.com\/fr\/wp-json\/wp\/v2\/pages\/1778","targetHints":{"allow":["GET"]}}],"collection":[{"href":"https:\/\/www.painting-courses-florence.com\/fr\/wp-json\/wp\/v2\/pages"}],"about":[{"href":"https:\/\/www.painting-courses-florence.com\/fr\/wp-json\/wp\/v2\/types\/page"}],"author":[{"embeddable":true,"href":"https:\/\/www.painting-courses-florence.com\/fr\/wp-json\/wp\/v2\/users\/4"}],"replies":[{"embeddable":true,"href":"https:\/\/www.painting-courses-florence.com\/fr\/wp-json\/wp\/v2\/comments?post=1778"}],"version-history":[{"count":0,"href":"https:\/\/www.painting-courses-florence.com\/fr\/wp-json\/wp\/v2\/pages\/1778\/revisions"}],"wp:featuredmedia":[{"embeddable":true,"href":"https:\/\/www.painting-courses-florence.com\/fr\/wp-json\/wp\/v2\/media\/7267"}],"wp:attachment":[{"href":"https:\/\/www.painting-courses-florence.com\/fr\/wp-json\/wp\/v2\/media?parent=1778"}],"curies":[{"name":"wp","href":"https:\/\/api.w.org\/{rel}","templated":true}]}}