{"id":3055,"date":"2011-09-24T17:01:38","date_gmt":"2011-09-24T17:01:38","guid":{"rendered":"http:\/\/www.painting-courses-florence.com\/web\/?page_id=3055"},"modified":"2026-02-26T02:31:50","modified_gmt":"2026-02-26T02:31:50","slug":"on-parle-de-nous","status":"publish","type":"page","link":"https:\/\/www.painting-courses-florence.com\/fr\/on-parle-de-nous\/","title":{"rendered":"On parle de nous"},"content":{"rendered":"\n<p class=\"wp-block-paragraph\">Notre cours pour enfants a \u00e9t\u00e9 pr\u00e9sent\u00e9 dans le prestigieux magazine <em><strong>Marie-Claire Enfants<\/strong><\/em>, dans un num\u00e9ro consacr\u00e9 \u00e0 l&rsquo;art pour enfants.<\/p>\n<style>.kb-row-layout-id131_7d3f99-9d > .kt-row-column-wrap{align-content:start;}:where(.kb-row-layout-id131_7d3f99-9d > .kt-row-column-wrap) > .wp-block-kadence-column{justify-content:start;}.kb-row-layout-id131_7d3f99-9d > .kt-row-column-wrap{column-gap:var(--global-kb-gap-lg, 4rem);row-gap:var(--global-kb-gap-md, 2rem);padding-top:var(--global-kb-spacing-sm, 1.5rem);padding-bottom:var(--global-kb-spacing-sm, 1.5rem);grid-template-columns:repeat(2, minmax(0, 1fr));}.kb-row-layout-id131_7d3f99-9d > .kt-row-layout-overlay{opacity:0.30;}@media all and (max-width: 1024px){.kb-row-layout-id131_7d3f99-9d > .kt-row-column-wrap{grid-template-columns:repeat(2, minmax(0, 1fr));}}@media all and (max-width: 767px){.kb-row-layout-id131_7d3f99-9d > .kt-row-column-wrap{grid-template-columns:minmax(0, 1fr);}}<\/style><div class=\"kb-row-layout-wrap kb-row-layout-id131_7d3f99-9d alignnone wp-block-kadence-rowlayout\"><div class=\"kt-row-column-wrap kt-has-2-columns kt-row-layout-equal kt-tab-layout-inherit kt-mobile-layout-row kt-row-valign-top\">\n<style>.kadence-column131_97c859-06 > .kt-inside-inner-col,.kadence-column131_97c859-06 > .kt-inside-inner-col:before{border-top-left-radius:0px;border-top-right-radius:0px;border-bottom-right-radius:0px;border-bottom-left-radius:0px;}.kadence-column131_97c859-06 > .kt-inside-inner-col{column-gap:var(--global-kb-gap-sm, 1rem);}.kadence-column131_97c859-06 > .kt-inside-inner-col{flex-direction:column;}.kadence-column131_97c859-06 > .kt-inside-inner-col > .aligncenter{width:100%;}.kadence-column131_97c859-06 > .kt-inside-inner-col:before{opacity:0.3;}.kadence-column131_97c859-06{position:relative;}@media all and (max-width: 1024px){.kadence-column131_97c859-06 > .kt-inside-inner-col{flex-direction:column;justify-content:center;}}@media all and (max-width: 767px){.kadence-column131_97c859-06 > .kt-inside-inner-col{flex-direction:column;justify-content:center;}}<\/style>\n<div class=\"wp-block-kadence-column kadence-column131_97c859-06\"><div class=\"kt-inside-inner-col\"><div class=\"wp-block-image\">\n<figure class=\"aligncenter size-full\"><img loading=\"lazy\" decoding=\"async\" width=\"226\" height=\"300\" src=\"https:\/\/www.painting-courses-florence.com\/wp-content\/uploads\/marie-claire-sett-2010.jpeg\" alt=\"\" class=\"wp-image-7511\"\/><\/figure>\n<\/div><\/div><\/div>\n\n\n<style>.kadence-column131_00ed64-dc > .kt-inside-inner-col,.kadence-column131_00ed64-dc > .kt-inside-inner-col:before{border-top-left-radius:0px;border-top-right-radius:0px;border-bottom-right-radius:0px;border-bottom-left-radius:0px;}.kadence-column131_00ed64-dc > .kt-inside-inner-col{column-gap:var(--global-kb-gap-sm, 1rem);}.kadence-column131_00ed64-dc > .kt-inside-inner-col{flex-direction:column;}.kadence-column131_00ed64-dc > .kt-inside-inner-col > .aligncenter{width:100%;}.kadence-column131_00ed64-dc > .kt-inside-inner-col:before{opacity:0.3;}.kadence-column131_00ed64-dc{position:relative;}@media all and (max-width: 1024px){.kadence-column131_00ed64-dc > .kt-inside-inner-col{flex-direction:column;justify-content:center;}}@media all and (max-width: 767px){.kadence-column131_00ed64-dc > .kt-inside-inner-col{flex-direction:column;justify-content:center;}}<\/style>\n<div class=\"wp-block-kadence-column kadence-column131_00ed64-dc\"><div class=\"kt-inside-inner-col\"><div class=\"wp-block-image\">\n<figure class=\"aligncenter size-full\"><img loading=\"lazy\" decoding=\"async\" width=\"400\" height=\"185\" src=\"https:\/\/www.painting-courses-florence.com\/wp-content\/uploads\/articolo-marie-claire.jpeg\" alt=\"\" class=\"wp-image-7514\" srcset=\"https:\/\/www.painting-courses-florence.com\/wp-content\/uploads\/articolo-marie-claire.jpeg 400w, https:\/\/www.painting-courses-florence.com\/wp-content\/uploads\/articolo-marie-claire-300x139.jpeg 300w\" sizes=\"auto, (max-width: 400px) 100vw, 400px\" \/><\/figure>\n<\/div><\/div><\/div>\n\n<\/div><\/div>\n<p class=\"wp-block-paragraph\">Le cours pour adultes est mentionn\u00e9 dans le guide touristique \u00ab <strong><em>A perfect Trip to Italy<\/em><\/strong> \u00bb de l&rsquo;\u00e9crivaine am\u00e9ricaine Sharon Wilson, qui fut \u00e9l\u00e8ve du studio.<\/p>\n<style>.kb-row-layout-id131_0d82e7-03 > .kt-row-column-wrap{align-content:center;}:where(.kb-row-layout-id131_0d82e7-03 > .kt-row-column-wrap) > .wp-block-kadence-column{justify-content:center;}.kb-row-layout-id131_0d82e7-03 > .kt-row-column-wrap{column-gap:var(--global-kb-gap-none, 0rem );row-gap:var(--global-kb-gap-none, 0rem );max-width:var( --global-content-width, 1290px );padding-left:var(--global-content-edge-padding);padding-right:var(--global-content-edge-padding);padding-top:0px;padding-right:var(--global-kb-spacing-sm, 1.5rem);padding-bottom:0px;padding-left:var(--global-kb-spacing-sm, 1.5rem);grid-template-columns:minmax(0, calc(25% - ((var(--global-kb-gap-none, 0rem ) * 1 )\/2)))minmax(0, calc(75% - ((var(--global-kb-gap-none, 0rem ) * 1 )\/2)));}.kb-row-layout-id131_0d82e7-03 > .kt-row-layout-overlay{opacity:0.30;}@media all and (max-width: 1024px){.kb-row-layout-id131_0d82e7-03 > .kt-row-column-wrap{grid-template-columns:repeat(2, minmax(0, 1fr));}}@media all and (max-width: 767px){.kb-row-layout-id131_0d82e7-03 > .kt-row-column-wrap{grid-template-columns:minmax(0, 1fr);}}<\/style><div class=\"kb-row-layout-wrap kb-row-layout-id131_0d82e7-03 aligncenter wp-block-kadence-rowlayout\"><div class=\"kt-row-column-wrap kt-has-2-columns kt-row-layout-equal kt-tab-layout-inherit kt-mobile-layout-row kt-row-valign-middle kb-theme-content-width\">\n<style>.kadence-column131_e8dead-4e > .kt-inside-inner-col,.kadence-column131_e8dead-4e > .kt-inside-inner-col:before{border-top-left-radius:0px;border-top-right-radius:0px;border-bottom-right-radius:0px;border-bottom-left-radius:0px;}.kadence-column131_e8dead-4e > .kt-inside-inner-col{column-gap:var(--global-kb-gap-sm, 1rem);}.kadence-column131_e8dead-4e > .kt-inside-inner-col{flex-direction:column;}.kadence-column131_e8dead-4e > .kt-inside-inner-col > .aligncenter{width:100%;}.kadence-column131_e8dead-4e > .kt-inside-inner-col:before{opacity:0.3;}.kadence-column131_e8dead-4e{position:relative;}@media all and (max-width: 1024px){.kadence-column131_e8dead-4e > .kt-inside-inner-col{flex-direction:column;justify-content:center;}}@media all and (max-width: 767px){.kadence-column131_e8dead-4e > .kt-inside-inner-col{flex-direction:column;justify-content:center;}}<\/style>\n<div class=\"wp-block-kadence-column kadence-column131_e8dead-4e\"><div class=\"kt-inside-inner-col\"><div class=\"wp-block-image\">\n<figure class=\"aligncenter size-large\"><img loading=\"lazy\" decoding=\"async\" width=\"805\" height=\"1200\" src=\"https:\/\/www.painting-courses-florence.com\/wp-content\/uploads\/\/libro-a-perfect-trip-to-italy-cita-Isabelle-Art-Studi.jpeg\" alt=\"Couverture du livre Un voyage parfait en Italie &#xE9;crit par Sharon Wilson\" class=\"wp-image-7517\" style=\"aspect-ratio:0.75;object-fit:cover\" srcset=\"https:\/\/www.painting-courses-florence.com\/wp-content\/uploads\/libro-a-perfect-trip-to-italy-cita-Isabelle-Art-Studi.jpeg 805w, https:\/\/www.painting-courses-florence.com\/wp-content\/uploads\/libro-a-perfect-trip-to-italy-cita-Isabelle-Art-Studi-201x300.jpeg 201w, https:\/\/www.painting-courses-florence.com\/wp-content\/uploads\/libro-a-perfect-trip-to-italy-cita-Isabelle-Art-Studi-687x1024.jpeg 687w, https:\/\/www.painting-courses-florence.com\/wp-content\/uploads\/libro-a-perfect-trip-to-italy-cita-Isabelle-Art-Studi-768x1145.jpeg 768w\" sizes=\"auto, (max-width: 805px) 100vw, 805px\" \/><\/figure>\n<\/div><\/div><\/div>\n\n\n<style>.kadence-column131_f2aebe-89 > .kt-inside-inner-col,.kadence-column131_f2aebe-89 > .kt-inside-inner-col:before{border-top-left-radius:0px;border-top-right-radius:0px;border-bottom-right-radius:0px;border-bottom-left-radius:0px;}.kadence-column131_f2aebe-89 > .kt-inside-inner-col{column-gap:var(--global-kb-gap-sm, 1rem);}.kadence-column131_f2aebe-89 > .kt-inside-inner-col{flex-direction:column;}.kadence-column131_f2aebe-89 > .kt-inside-inner-col > .aligncenter{width:100%;}.kadence-column131_f2aebe-89 > .kt-inside-inner-col:before{opacity:0.3;}.kadence-column131_f2aebe-89{position:relative;}@media all and (max-width: 1024px){.kadence-column131_f2aebe-89 > .kt-inside-inner-col{flex-direction:column;justify-content:center;}}@media all and (max-width: 767px){.kadence-column131_f2aebe-89 > .kt-inside-inner-col{flex-direction:column;justify-content:center;}}<\/style>\n<div class=\"wp-block-kadence-column kadence-column131_f2aebe-89\"><div class=\"kt-inside-inner-col\"><div class=\"wp-block-image\">\n<figure class=\"aligncenter size-full\"><img loading=\"lazy\" decoding=\"async\" width=\"567\" height=\"269\" src=\"https:\/\/www.painting-courses-florence.com\/wp-content\/uploads\/comment-perfect-day-to-italy.jpg\" alt=\"Article sur Isabelle Art Studio publi&#xE9; dans le livre A Perfect Trip to Italy, &#xE9;crit par Sharon Wilson\" class=\"wp-image-7520\" srcset=\"https:\/\/www.painting-courses-florence.com\/wp-content\/uploads\/comment-perfect-day-to-italy.jpg 567w, https:\/\/www.painting-courses-florence.com\/wp-content\/uploads\/comment-perfect-day-to-italy-300x142.jpg 300w\" sizes=\"auto, (max-width: 567px) 100vw, 567px\" \/><\/figure>\n<\/div><\/div><\/div>\n\n<\/div><\/div>\n<p class=\"wp-block-paragraph\">Testo scritto dall&rsquo;artista e scrittrice americana <strong>Lyall Harris <\/strong>le cui figlie hanno frequentato lo studio nel 2015<strong>,<\/strong> tradotto dall&rsquo;inglese :<\/p>\n\n<p class=\"wp-block-paragraph\"><em>\u00ab Comme la plupart des enfants, nos filles \u2013 \u00e2g\u00e9es de 12 et 9 ans \u2013 au d\u00e9but de notre ann\u00e9e \u00e0 l\u2019Isabelle\u2019s Art Studio \u00e9taient tr\u00e8s cr\u00e9atives. Ce que nous recherchions, c\u2019\u00e9taient des techniques fondamentales (dessin, clair-obscur, couleur, etc.) ainsi que l\u2019exploration de diff\u00e9rents m\u00e9diums. \u00c9tant moi-m\u00eame artiste, mes exigences sont plut\u00f4t \u00e9lev\u00e9es et, bien qu\u2019Isabelle m\u2019ait \u00e9t\u00e9 recommand\u00e9e par un ami artiste, je ne pensais pas qu\u2019elle d\u00e9passerait toutes mes attentes ! Isabelle Corni\u00e8re n\u2019est pas seulement une enseignante exp\u00e9riment\u00e9e, techniquement et p\u00e9dagogiquement tr\u00e8s bien form\u00e9e, attentive \u00e0 l\u2019\u00e9tape de d\u00e9veloppement artistique de ses \u00e9l\u00e8ves, \u00e0 leurs besoins et \u00e0 la meilleure mani\u00e8re de stimuler chacun individuellement : elle est aussi un v\u00e9ritable enchantement ! Son engagement brillant et \u00e9nergique dans toutes les facettes de l\u2019enseignement est remarquable (y compris l\u2019atelier sp\u00e9cialis\u00e9 en plusieurs sessions qu\u2019elle organise dans les cours pour enfants et qu\u2019elle renouvelle chaque ann\u00e9e ; cette ann\u00e9e, c\u2019\u00e9tait le \u00ab livre d\u2019artiste \u00bb, qui a permis aux \u00e9l\u00e8ves d\u2019allier technique et libert\u00e9 cr\u00e9ative \u2014 c\u2019\u00e9tait merveilleux \u2014 et le tout a \u00e9t\u00e9 pr\u00e9sent\u00e9 dans une vitrine ambitieuse lors de l\u2019exposition de fin d\u2019ann\u00e9e des \u00e9l\u00e8ves). Et Isabelle fait tout cela tout en d\u00e9veloppant activement sa propre carri\u00e8re artistique. Elle parle au moins trois langues, dont l\u2019anglais ; c\u2019est donc \u00e9galement une excellente activit\u00e9 extrascolaire pour les familles expatri\u00e9es. \u00bb<\/em><\/p>\n\n<p class=\"wp-block-paragraph\"><strong>Article \u00e9crit par la journaliste fran\u00e7aise Melissa Payet, traduit du fran\u00e7ais :<\/strong><\/p>\n\n<p class=\"wp-block-paragraph\"><em>Jeanne-Isabelle Corni\u00e8re, jeune artiste parisienne install\u00e9e \u00e0 Florence depuis bient\u00f4t treize ans, fait partie de l\u2019histoire du quartier de San Lorenzo. Ses habitants connaissent pour la plupart ce merveilleux petit coin de paradis Via San Zanobi o\u00f9 se cache son atelier. Personne ne peut r\u00e9sister \u00e0 s\u2019arr\u00eater quelques minutes en face de cette vitrine o\u00f9 l\u2019on peut contempler l\u2019artiste et ses \u00e9l\u00e8ves en train de travailler. C\u2019est un moment o\u00f9 le temps nous \u00e9chappe, un vrai spectacle, nous sommes comme absorb\u00e9s par \u2026 Une certaine magie! Quel est donc le pouvoir d\u2019Isabelle Corni\u00e8re?      L\u2019\u00e2me de Michel-Ange y est-il pour quelque chose? <\/em>Cinq si\u00e8cles auparavant, le c\u00e9l\u00e8bre sculpteur poss\u00e9dait ses ateliers dans cette m\u00eame rue.<\/p>\n\n<p class=\"wp-block-paragraph\"><em>Isabelle, par son travail mais aussi par sa personnalit\u00e9, marque les esprits. Lorsque je contacte l\u2019artiste pour la premi\u00e8re fois, elle me propose que l\u2019on se retrouve en d\u00e9but de matin\u00e9e \u00e0 l\u2019atelier o\u00f9 elle donne ses cours. Malgr\u00e9 un d\u00e9gat des eaux qui a surgi dans la nuit, elle m\u2019y accueille avec un grand sourire, elle est tout simplement radieuse. Elle me pr\u00e9sente rapidement son atelier, ainsi que les travaux de ses \u00e9l\u00e8ves, j\u2019en reste bouche b\u00e9e, quel talent! Je me trouve face \u00e0 de v\u00e9ritables chefs-d\u2019oeuvre (c\u2019est un peu exag\u00e9r\u00e9!).   <\/em><\/p>\n\n<p class=\"wp-block-paragraph\"><em>Finalement, on d\u00e9cide de se poser au caf\u00e9 du coin de la rue. Quel plaisir j\u2019ai en d\u00e9couvrant son enthousiasme \u00e0 me parler d\u2019elle. On est loin du clich\u00e9 de l\u2019artiste inaccessible. Je comprends assez vite que je suis en face d\u2019une personne aimant partager. On passe la matin\u00e9e \u00e0 parler de mille choses, de l\u2019Italie, des florentins, de son parcours bien entendu, de l\u2019histoire de sa famille\u2026 Et quelle histoire!   Le temps s\u2019\u00e9coule sans m\u00eame que je puisse m\u2019en rendre compte. <\/em><\/p>\n\n<p class=\"wp-block-paragraph\">Petit retour en arri\u00e8re! Isabelle est la fille du compositeur Yves Corni\u00e8re, elle a toujours baign\u00e9 dans le milieu artistique. Ses grands-parents \u00e9taient pianistes et sa tante une c\u00e9l\u00e8bre danceuse (Anne Sandrez). Sa grand-m\u00e8re Th\u00e9odora Toledo, une r\u00e9fugi\u00e9e bulgare juive, arriva \u00e0 Rome dans les ann\u00e9es 1940. Partie de rien, elle r\u00e9ussit \u00e0 s\u2019immerger dans la sph\u00e8re de la haute couture italienne en travaillant pour les Sorelle Fontana.C\u2019est avec elle qu\u2019Isabelle commen\u00e7a \u00e0 parler italien d\u00e8s son plus jeune \u00e2ge.Quant \u00e0 sa m\u00e8re, Magdalena, elle travaillait pour l\u2019importante galerie Il Segno \u00e0 Rome, et connut tous les artistes de l\u2019avant-garde romaine des ann\u00e9es 1960. C\u2019est elle qui transmettra \u00e0 sa fille son ouverture pour l\u2019art contemporain.<\/p>\n\n<p class=\"wp-block-paragraph\"><em>Isabelle a poursuivi ses \u00e9tudes \u00e0 Paris IV, elle est diplom\u00e9e en histoire de l\u2019Art. En 2001, en pleine r\u00e9daction de sa th\u00e8se, elle d\u00e9cide de partir \u00e0 Florence pour ses recherches. Elle est alors \u00e0 la quatri\u00e8me ann\u00e9e de son doctorat, et l\u00e0, c\u2019est la r\u00e9v\u00e9lation. Elle se rend compte que le titre de \u201cdocteur\u201d ne l\u2019int\u00e9resse pas plus que \u00e7a, elle d\u00e9cide de donner un tournant \u00e0 sa vie. Soutenue par sa famille, elle a le courage de laisser en suspens sa th\u00e8se pour se consacrer \u00e0 ce qu\u2019elle aime vraiment, \u00e0 ce qu\u2019elle sait faire, \u00e0 ce qui l\u2019anime: TRANSMETTRE et CR\u00c9ER! Son audace payera\u2026     <\/em><\/p>\n\n<p class=\"wp-block-paragraph\">Elle commence par enseigner au Lyc\u00e9e fran\u00e7ais Victor-Hugo en tant que professeure d\u2019arts plastiques. Entre temps, elle est sollicit\u00e9e par l\u2019Institut fran\u00e7ais de Florence pour y donner des cours de peinture. Pouss\u00e9e par un regain d\u2019\u00e9nergie, elle ouvre son atelier en 2009 via San Zanobi o\u00f9 elle d\u00e9cide d\u2019y donner des cours. Souhaitant se consacrer davantage \u00e0 ses projets artistiques, elle mit un terme \u00e0 sa collaboration avec le Lyc\u00e9e fran\u00e7ais Victor-Hugo l\u2019an pass\u00e9.<\/p>\n\n<p class=\"wp-block-paragraph\"><em>Sa sp\u00e9cialit\u00e9, l\u2019aquarelle japonaise sumi-e, il s\u2019agit d\u2019une technique de peinture japonaise qu\u2019utilisait les moines bouddhistes. De sumi (encre noire) et e (peinture), c\u2019est une peinture r\u00e9alis\u00e9e avec les pinceaux \u00e0 calligraphie qui se rapproche de la m\u00e9ditation dans la mesure o\u00f9 elle n\u00e9cessite un travail pr\u00e9paratoire rigoureux sur le geste et la composition.  <\/em><em>N\u00e9anmoins, elle me confie que ces derniers temps, elle est plus centr\u00e9e sur la sculpture. Pendant plusieurs ann\u00e9es, elle a fr\u00e9quent\u00e9 l\u2019atelier du sculpteur Vincenzo Ventimiglia. Aujourd\u2019hui, elle travaille ses oeuvres dans un atelier Via Guelfa, \u00e0 deux pas de celui o\u00f9 elle donne ses cours.   J\u2019ai eu la chance de le d\u00e9couvrir, en y p\u00e9n\u00e9trant, j\u2019ai \u00e9t\u00e9 transport\u00e9e dans un univers fabuleusement po\u00e9tique. <\/em><em>La plupart de ses oeuvres sont en lien avec l\u2019enfance. L\u2019artiste accorde beaucoup d\u2019importance au temps qui s\u2019\u00e9coule.  Le c\u00f4t\u00e9 \u00e9ph\u00e9m\u00e8re de la vie est tr\u00e8s pr\u00e9sent dans son travail. <\/em><em>Elle se classe dans la cat\u00e9gorie des \u201cartistes classiques\u201d. Isabelle ne cache pas la difficult\u00e9 d\u2019exister sur la sc\u00e8ne artistique \u00e0 l\u2019heure du r\u00e8gne de l\u2019hyper contemporain. <\/em><\/p>\n\n<p class=\"wp-block-paragraph\">Elle \u00e9voque par ailleurs les difficult\u00e9s financi\u00e8res auxquelles sont confront\u00e9es les artistes en Italie, un pays o\u00f9 l\u2019Etat intervient tr\u00e8s peu pour soutenir l\u2019initiative culturelle, d\u2019autant plus qu\u2019il n\u2019existe pas de minist\u00e8re de la Culture \u00e0 proprement parler. La grande majorit\u00e9 des artistes sont contraints de trouver eux-m\u00eames les fonds financiers pour pouvoir soutenir leurs oeuvres. En plus de cet important frein, il est laborieux de se cr\u00e9er un r\u00e9seau, particuli\u00e8rement \u00e0 Florence o\u00f9 le milieu artistique est quasiment imp\u00e9n\u00e9trable\u2026 De l\u00e0 s\u2019y ajoute la grande rivalit\u00e9 qui subsiste entre les artistes. Mais malgr\u00e9 ces difficult\u00e9s, cela n\u2019emp\u00eache pas J-Isabelle Corni\u00e8re de se battre pour a soutenir l\u2019art.<\/p>\n\n<p class=\"wp-block-paragraph\"><em>L\u2019ann\u00e9e 2013 fut fructueuse pour elle, elle obtient le Premio Ora. Elle participa \u00e0 deux grandes expositions au Museo di Primo Conti de Fiesole et \u00e0 l\u2019Orto Botanico \u00e0 Florence en mai dernier (Playing et Connected). Avec son amie, l\u2019artiste Meri Iacchi, [&#8230;] elle a pr\u00e9sent\u00e9 une serie de sculptures en pl\u00e0tre blanc, mettant en sc\u00e8ne des enfants jouant \u00e0 quelques jeux traditionnels (comme les bulles de savon, la marelle, le ballon etc\u2026), ainsi que des photos et des vid\u00e9os  <\/em><\/p>\n\n<p class=\"wp-block-paragraph\"><em>Ses sculptures ont un aspect tr\u00e8s d\u00e9pouill\u00e9 par le choix de la monochromie blanche qui conf\u00e8re une dimension onirique, comme en suspens. Seules quelques touches de couleur mettent l\u2019accent en particulier sur les accessoires (comme jaune \u00e9clatant des bottes en plastique, le vert du ballon) cr\u00e9ant ainsi une sorte de d\u00e9calage. <\/em><\/p>\n\n<p class=\"wp-block-paragraph\"><em>Aujourd\u2019hui, c\u2019est une jeune femme de 38 ans \u00e9panouie, mari\u00e9e \u00e0 un florentin, \u00e0 aucun moment, elle n\u2019envisage de s\u2019\u00e9tablir ailleurs. Florence l\u2019a envo\u00fbt\u00e9e! <\/em><\/p>\n\n<p class=\"wp-block-paragraph\"><em>Un conseil, ne tardez pas \u00e0 venir vous ressourcer \u00e0 la vitrine de l\u2019atelier d\u2019Isabelle, voire ayez l\u2019audace d\u2019y pousser la porte pour une petite s\u00e9ance de peinture ou de dessin, apr\u00e8s tout, cr\u00e9er n\u2019est-il pas le meilleur moyen de se lib\u00e9rer?<\/em><\/p>\n\n<p class=\"wp-block-paragraph\"><strong>Texte r\u00e9dig\u00e9 par B\u00e9atrice Ariani, une enfant qui a suivi le cours pendant plusieurs ann\u00e9es :<\/strong><\/p>\n\n<p class=\"wp-block-paragraph\"><em>Depuis toute petite, j&rsquo;ai toujours ador\u00e9 dessiner. (&#8230;) Ma grand-m\u00e8re, voyant \u00e0 quel point j&rsquo;aimais \u00e7a, a dit \u00e0 ma m\u00e8re qu&rsquo;elle me trouvait tr\u00e8s dou\u00e9e et qu&rsquo;il serait bon que je prenne des cours de dessin. Depuis, je prends des cours avec Isabel, qui est ma professeure. C&rsquo;est une jeune Fran\u00e7aise, tr\u00e8s gentille, douce et calme. Pendant le cours, elle met toujours du jazz classique ou du blues en fond sonore ; quand elle explique, elle est toujours calme et l&rsquo;ambiance, avec seulement quelques enfants, est famili\u00e8re, calme et conviviale. (&#8230;) Je ne suis pas ce cours juste pour passer le temps, d&rsquo;ailleurs, si seulement il y en avait plus\u2026, mais parce que c&rsquo;est devenu une passion, quelque chose auquel je ne peux pas renoncer.<\/em><\/p>\n\n<p class=\"wp-block-paragraph\"><em>Beatrice Ariani<\/em><\/p>\n","protected":false},"excerpt":{"rendered":"<p>Notre cours pour enfants a \u00e9t\u00e9 pr\u00e9sent\u00e9 dans le prestigieux magazine Marie-Claire Enfants, dans un num\u00e9ro consacr\u00e9 \u00e0 l&rsquo;art pour enfants. Le cours pour adultes est mentionn\u00e9 dans le guide touristique \u00ab A perfect Trip to Italy \u00bb de l&rsquo;\u00e9crivaine am\u00e9ricaine Sharon Wilson, qui fut \u00e9l\u00e8ve du studio. Testo scritto dall&rsquo;artista e scrittrice americana Lyall&#8230;<\/p>\n","protected":false},"author":2,"featured_media":7777,"parent":0,"menu_order":110,"comment_status":"closed","ping_status":"closed","template":"","meta":{"_kad_post_transparent":"","_kad_post_title":"","_kad_post_layout":"","_kad_post_sidebar_id":"","_kad_post_content_style":"","_kad_post_vertical_padding":"","_kad_post_feature":"","_kad_post_feature_position":"","_kad_post_header":false,"_kad_post_footer":false,"_kad_post_classname":"","footnotes":""},"class_list":["post-3055","page","type-page","status-publish","has-post-thumbnail","hentry"],"_links":{"self":[{"href":"https:\/\/www.painting-courses-florence.com\/fr\/wp-json\/wp\/v2\/pages\/3055","targetHints":{"allow":["GET"]}}],"collection":[{"href":"https:\/\/www.painting-courses-florence.com\/fr\/wp-json\/wp\/v2\/pages"}],"about":[{"href":"https:\/\/www.painting-courses-florence.com\/fr\/wp-json\/wp\/v2\/types\/page"}],"author":[{"embeddable":true,"href":"https:\/\/www.painting-courses-florence.com\/fr\/wp-json\/wp\/v2\/users\/2"}],"replies":[{"embeddable":true,"href":"https:\/\/www.painting-courses-florence.com\/fr\/wp-json\/wp\/v2\/comments?post=3055"}],"version-history":[{"count":0,"href":"https:\/\/www.painting-courses-florence.com\/fr\/wp-json\/wp\/v2\/pages\/3055\/revisions"}],"wp:featuredmedia":[{"embeddable":true,"href":"https:\/\/www.painting-courses-florence.com\/fr\/wp-json\/wp\/v2\/media\/7777"}],"wp:attachment":[{"href":"https:\/\/www.painting-courses-florence.com\/fr\/wp-json\/wp\/v2\/media?parent=3055"}],"curies":[{"name":"wp","href":"https:\/\/api.w.org\/{rel}","templated":true}]}}